{"id":286,"date":"2016-10-31T13:17:59","date_gmt":"2016-10-31T16:17:59","guid":{"rendered":"https:\/\/isfdyt28-bue.infd.edu.ar\/sitio\/?page_id=286"},"modified":"2023-08-23T20:17:31","modified_gmt":"2023-08-23T23:17:31","slug":"inicio","status":"publish","type":"page","link":"https:\/\/isfdyt28-bue.infd.edu.ar\/sitio\/","title":{"rendered":"Inicio"},"content":{"rendered":"<div id=\"metaslider-id-403\" style=\"width: 100%;\" class=\"ml-slider-3-33-0 metaslider metaslider-flex metaslider-403 ml-slider ms-theme-default\" role=\"region\" aria-roledescription=\"Slideshow\" aria-label=\"Slideshow\">\n    <div id=\"metaslider_container_403\">\n        <div id=\"metaslider_403\" class=\"flexslider\">\n            <ul aria-live=\"polite\" class=\"slides\">\n                <li style=\"display: none; width: 100%;\" class=\"slide-609 ms-image\" aria-roledescription=\"slide\" aria-label=\"slide-609\"><a href=\"https:\/\/www.argentina.gob.ar\/educacion\/becas\" target=\"_blank\"><img src=\"https:\/\/isfdyt28-bue.infd.edu.ar\/sitio\/wp-content\/uploads\/2018\/09\/1383030_1378292145741313_350677941_n-274x74.jpg\" height=\"300\" width=\"1100\" alt=\"\" class=\"slider-403 slide-609\" title=\"1383030_1378292145741313_350677941_n\" \/><\/a><\/li>\n                <li style=\"display: none; width: 100%;\" class=\"slide-1182 ms-image\" aria-roledescription=\"slide\" aria-label=\"slide-1182\"><img src=\"https:\/\/isfdyt28-bue.infd.edu.ar\/sitio\/wp-content\/uploads\/2018\/09\/001-1100x300.jpg\" height=\"300\" width=\"1100\" alt=\"\" class=\"slider-403 slide-1182\" title=\"001\" \/><\/li>\n                <li style=\"display: none; width: 100%;\" class=\"slide-1183 ms-image\" aria-roledescription=\"slide\" aria-label=\"slide-1183\"><img src=\"https:\/\/isfdyt28-bue.infd.edu.ar\/sitio\/wp-content\/uploads\/2018\/09\/002-1100x300.jpg\" height=\"300\" width=\"1100\" alt=\"\" class=\"slider-403 slide-1183\" title=\"002\" \/><\/li>\n                <li style=\"display: none; width: 100%;\" class=\"slide-1184 ms-image\" aria-roledescription=\"slide\" aria-label=\"slide-1184\"><img src=\"https:\/\/isfdyt28-bue.infd.edu.ar\/sitio\/wp-content\/uploads\/2018\/09\/003-1100x300.jpg\" height=\"300\" width=\"1100\" alt=\"\" class=\"slider-403 slide-1184\" title=\"003\" \/><\/li>\n                <li style=\"display: none; width: 100%;\" class=\"slide-1185 ms-image\" aria-roledescription=\"slide\" aria-label=\"slide-1185\"><img src=\"https:\/\/isfdyt28-bue.infd.edu.ar\/sitio\/wp-content\/uploads\/2018\/09\/004-1100x300.jpg\" height=\"300\" width=\"1100\" alt=\"\" class=\"slider-403 slide-1185\" title=\"004\" \/><\/li>\n                <li style=\"display: none; width: 100%;\" class=\"slide-1186 ms-image\" aria-roledescription=\"slide\" aria-label=\"slide-1186\"><img src=\"https:\/\/isfdyt28-bue.infd.edu.ar\/sitio\/wp-content\/uploads\/2018\/09\/005-1100x300.jpg\" height=\"300\" width=\"1100\" alt=\"\" class=\"slider-403 slide-1186\" title=\"005\" \/><\/li>\n                <li style=\"display: none; width: 100%;\" class=\"slide-1188 ms-image\" aria-roledescription=\"slide\" aria-label=\"slide-1188\"><img src=\"https:\/\/isfdyt28-bue.infd.edu.ar\/sitio\/wp-content\/uploads\/2018\/09\/021-1100x300.jpg\" height=\"300\" width=\"1100\" alt=\"\" class=\"slider-403 slide-1188\" title=\"021\" \/><\/li>\n                <li style=\"display: none; width: 100%;\" class=\"slide-1189 ms-image\" aria-roledescription=\"slide\" aria-label=\"slide-1189\"><img src=\"https:\/\/isfdyt28-bue.infd.edu.ar\/sitio\/wp-content\/uploads\/2018\/09\/024-1100x300.jpg\" height=\"300\" width=\"1100\" alt=\"\" class=\"slider-403 slide-1189\" title=\"024\" \/><\/li>\n                <li style=\"display: none; width: 100%;\" class=\"slide-1190 ms-image\" aria-roledescription=\"slide\" aria-label=\"slide-1190\"><img src=\"https:\/\/isfdyt28-bue.infd.edu.ar\/sitio\/wp-content\/uploads\/2018\/09\/026-1100x300.jpg\" height=\"300\" width=\"1100\" alt=\"\" class=\"slider-403 slide-1190\" title=\"026\" \/><\/li>\n                <li style=\"display: none; width: 100%;\" class=\"slide-1191 ms-image\" aria-roledescription=\"slide\" aria-label=\"slide-1191\"><img src=\"https:\/\/isfdyt28-bue.infd.edu.ar\/sitio\/wp-content\/uploads\/2018\/09\/028-1100x300.jpg\" height=\"300\" width=\"1100\" alt=\"\" class=\"slider-403 slide-1191\" title=\"028\" \/><\/li>\n                <li style=\"display: none; width: 100%;\" class=\"slide-1192 ms-image\" aria-roledescription=\"slide\" aria-label=\"slide-1192\"><img src=\"https:\/\/isfdyt28-bue.infd.edu.ar\/sitio\/wp-content\/uploads\/2018\/09\/033-1100x300.jpg\" height=\"300\" width=\"1100\" alt=\"\" class=\"slider-403 slide-1192\" title=\"033\" \/><\/li>\n                <li style=\"display: none; width: 100%;\" class=\"slide-1193 ms-image\" aria-roledescription=\"slide\" aria-label=\"slide-1193\"><img src=\"https:\/\/isfdyt28-bue.infd.edu.ar\/sitio\/wp-content\/uploads\/2018\/09\/034-1100x300.jpg\" height=\"300\" width=\"1100\" alt=\"\" class=\"slider-403 slide-1193\" title=\"034\" \/><\/li>\n                <li style=\"display: none; width: 100%;\" class=\"slide-1194 ms-image\" aria-roledescription=\"slide\" aria-label=\"slide-1194\"><img src=\"https:\/\/isfdyt28-bue.infd.edu.ar\/sitio\/wp-content\/uploads\/2018\/09\/035-1100x300.jpg\" height=\"300\" width=\"1100\" alt=\"\" class=\"slider-403 slide-1194\" title=\"035\" \/><\/li>\n                <li style=\"display: none; width: 100%;\" class=\"slide-1195 ms-image\" aria-roledescription=\"slide\" aria-label=\"slide-1195\"><img src=\"https:\/\/isfdyt28-bue.infd.edu.ar\/sitio\/wp-content\/uploads\/2018\/09\/036-1100x300.jpg\" height=\"300\" width=\"1100\" alt=\"\" class=\"slider-403 slide-1195\" title=\"036\" \/><\/li>\n                <li style=\"display: none; width: 100%;\" class=\"slide-1196 ms-image\" aria-roledescription=\"slide\" aria-label=\"slide-1196\"><img src=\"https:\/\/isfdyt28-bue.infd.edu.ar\/sitio\/wp-content\/uploads\/2018\/09\/b-007-1100x300.jpg\" height=\"300\" width=\"1100\" alt=\"\" class=\"slider-403 slide-1196\" title=\"b 007\" \/><\/li>\n                <li style=\"display: none; width: 100%;\" class=\"slide-1197 ms-image\" aria-roledescription=\"slide\" aria-label=\"slide-1197\"><img src=\"https:\/\/isfdyt28-bue.infd.edu.ar\/sitio\/wp-content\/uploads\/2018\/09\/b-008-1100x300.jpg\" height=\"300\" width=\"1100\" alt=\"\" class=\"slider-403 slide-1197\" title=\"b 008\" \/><\/li>\n                <li style=\"display: none; width: 100%;\" class=\"slide-1198 ms-image\" aria-roledescription=\"slide\" aria-label=\"slide-1198\"><img src=\"https:\/\/isfdyt28-bue.infd.edu.ar\/sitio\/wp-content\/uploads\/2018\/09\/b-009-1100x300.jpg\" height=\"300\" width=\"1100\" alt=\"\" class=\"slider-403 slide-1198\" title=\"b 009\" \/><\/li>\n            <\/ul>\n        <\/div>\n        \n    <\/div>\n<\/div>\n<table id=\"table1\" style=\"width: 100%;\" border=\"1\" cellspacing=\"0\" cellpadding=\"10\" align=\"center\">\n<tbody>\n<tr>\n<td style=\"border: 1px solid; text-align: center;\">\n<p style=\"background-color: #ffffff;\"><span style=\"font-family: verdana,geneva; font-size: large; background-color: #ffffff;\"><strong style=\"background-color: #ffffff;\">\u00a0<\/strong><\/span><\/p>\n<h1 style=\"text-align: center;\"><span style=\"color: #000000;\">Unidad Acad\u00e9mica \u00abAntonio E. D\u00edaz\u00bb<\/span><\/h1>\n<h1 style=\"text-align: center;\"><span style=\"color: #000000;\">Instituto de Formaci\u00f3n Docente y T\u00e9cnica N\u00ba 28<\/span><\/h1>\n<h1 style=\"text-align: center;\"><span style=\"color: #000000;\">25 de Mayo<\/span><\/h1>\n<h1 style=\"text-align: center;\"><span style=\"color: #000000;\">Buenos Aires<\/span><\/h1>\n<p><img decoding=\"async\" loading=\"lazy\" class=\"irc_mi\" style=\"margin-top: 7px;\" src=\"http:\/\/4.bp.blogspot.com\/_bDTjr5X1vVc\/SqBGEpCPFnI\/AAAAAAAAAB0\/zWPMgtpukiE\/s320\/DSCN7447.JPG\" alt=\"Imagen relacionada\" width=\"320\" height=\"239\" border=\"0\" \/><\/p>\n<p><span style=\"font-family: verdana, geneva; font-size: 12pt;\">Calle 29 No 1151 e\/ 12 y 13 Tel\u00e9fono:<\/span> <span style=\"font-family: verdana, geneva; font-size: 12pt;\"><strong> 02345-465880\/463245<\/strong><\/span> <span style=\"font-family: verdana, geneva; font-size: 12pt;\">e-mail: <a href=\"mailto:is108028@abc.gov.ar\">isfdyt28veinticincodemayo@abc.gob.ar<\/a><\/span> <span style=\"font-family: verdana, geneva; font-size: 12pt;\">P\u00e1gina en Facebook <a href=\"https:\/\/www.facebook.com\/ISFDyT28\/\" target=\"_blank\" rel=\"noopener\"><strong>@ISFDyT28<\/strong><\/a><\/span> <span style=\"font-family: verdana, geneva; font-size: 12pt;\"><strong>Horario de atenci\u00f3n<\/strong> lunes a viernes de 18 a 23 hs.<\/span> <span style=\"font-family: verdana, geneva; font-size: 12pt;\">Sabados de 8 a 12 hs.<\/span><\/p>\n<p style=\"font-size: 10pt; color: black; font-family: Verdana;\"><span style=\"color: #000000;\"><strong><span style=\"text-decoration: underline;\">Un poco de Historia &#8230;<\/span><\/strong><\/span><\/p>\n<p class=\"MsoNormal\" style=\"text-align: justify;\"><span style=\"color: #000000;\"><em><span style=\"font-size: 12pt; font-family: Arial;\">El Instituto abri\u00f3 sus puertas el 10 de abril de 1970, gracias a las gestiones llevadas a cabo por un grupo de personas pertenecientes a distintas instituciones del medio, para satisfacer las demandas de j\u00f3venes y adultos.<\/span><\/em><\/span><\/p>\n<p class=\"MsoNormal\" style=\"text-align: justify;\"><span style=\"color: #000000;\"><em><span style=\"font-size: 12pt; font-family: Arial;\">Este Instituto es formador de recursos humanos para los niveles de Inicial, EGB 1 y 2, EGB 3 y Polimodal en las especialidades de Ciencias Naturales, Matem\u00e1tica, Lengua y Literatura y Ciencias Sociales.<\/span><\/em><\/span><\/p>\n<p class=\"MsoNormal\" style=\"text-align: justify;\"><span style=\"color: #000000;\"><em><span style=\"font-size: 12pt; font-family: Arial;\">A partir de 1979 se incorporan carreras t\u00e9cnicas y en 1993 se abre la carrera de Analista de Sistemas y Programador, en 1998, T\u00e9cnico en Psicopedagog\u00eda.<\/span><\/em><\/span><\/p>\n<p class=\"MsoNormal\" style=\"text-align: justify;\"><span style=\"color: #000000;\"><em><span style=\"font-size: 12pt; font-family: Arial;\">En funci\u00f3n a las demandas y necesidades a\u00f1o a a\u00f1o se abren otras carreras, en su reemplazo se sustituyen por otras seg\u00fan requerimientos de la comunidad.<\/span><\/em><\/span><\/p>\n<p class=\"MsoNormal\" style=\"text-align: justify;\"><span style=\"color: #000000;\"><em><span style=\"font-size: 12pt; font-family: Arial;\">En sus inicios comenz\u00f3 con los profesorados de Ciencias Naturales, Matem\u00e1tica y Cosmograf\u00eda, Filosof\u00eda y Pedagog\u00eda, y luego se incorporaron otras carreras: Literatura y Lat\u00edn, Capacitaci\u00f3n Directiva y T\u00e9cnica, Maestro Recuperador, etc.<\/span><\/em><\/span><\/p>\n<p class=\"MsoNormal\" style=\"text-align: justify;\"><span style=\"color: #000000;\"><em><span style=\"font-size: 12pt; font-family: Arial;\">En 1987 se abre la extensi\u00f3n en Norberto de la Riestra, con la especialidad de Maestro especializado en Educaci\u00f3n Primaria, por cuanto la Formaci\u00f3n de Maestro estaba a cargo de la Unidad Acad\u00e9mica de la Escuela Normal Superior, que luego paso a ser el Instituto Superior N\u00ba 154.<\/span><\/em><\/span><\/p>\n<p class=\"MsoNormal\" style=\"text-align: justify;\"><span style=\"color: #000000;\"><em><span style=\"font-size: 12pt; font-family: Arial;\">A partir de 1996, se produce la fusi\u00f3n de ambos institutos, es decir que el Instituto N\u00ba 28, absorbe al Instituto N\u00ba 154, que formaba parte de la Unidad Acad\u00e9mica.<\/span><\/em><\/span><\/p>\n<p class=\"MsoNormal\" style=\"text-align: justify;\"><span style=\"color: #000000;\"><em><span style=\"font-size: 12pt; font-family: Arial;\">En 1997, se comienzan a implementar nuevos planes de estudio: Profesorado en Educaci\u00f3n Inicial, Profesorado en EGB 1 y 2 y Profesorado en EGB 3 y Polimodal de Matem\u00e1tica. En el corriente a\u00f1o se abren las carreras de Trabajador Social, T\u00e9cnico en Psicopedagog\u00eda y Tecnicatura Superior en Administraci\u00f3n General.<\/span><\/em><\/span><\/p>\n<p class=\"MsoNormal\" style=\"text-align: justify;\"><span style=\"color: #000000;\"><em><span style=\"font-size: 12pt; font-family: Arial;\">Desde fines de 2004 se est\u00e1n realizando gestiones para la construcci\u00f3n del edificio propio.<\/span><\/em><\/span><\/p>\n<p><span style=\"color: #000000;\"><em><span style=\"font-size: 12pt; font-family: Arial;\">El Instituto cuenta con organizaciones de apoyo como la Asociaci\u00f3n Cooperadora, el Centro de Estudiantes <\/span><\/em><\/span> <span style=\"color: #000000;\">\u00a0<\/span><\/td>\n<\/tr>\n<\/tbody>\n<\/table>\n","protected":false},"excerpt":{"rendered":"<p>\u00a0 Unidad Acad\u00e9mica \u00abAntonio E. D\u00edaz\u00bb Instituto de Formaci\u00f3n Docente y T\u00e9cnica N\u00ba 28 25 de Mayo Buenos Aires Calle 29 No 1151 e\/ 12 y 13 Tel\u00e9fono: 02345-465880\/463245 e-mail: isfdyt28veinticincodemayo@abc.gob.ar P\u00e1gina en Facebook @ISFDyT28 Horario de atenci\u00f3n lunes a viernes de 18 a 23 hs. Sabados de 8 a 12 hs. Un poco de &#8230; <a title=\"Inicio\" class=\"read-more\" href=\"https:\/\/isfdyt28-bue.infd.edu.ar\/sitio\/\" aria-label=\"More on Inicio\">[+]<\/a><\/p>\n","protected":false},"author":1,"featured_media":1586,"parent":0,"menu_order":0,"comment_status":"closed","ping_status":"closed","template":"","meta":[],"acf":[],"_links":{"self":[{"href":"https:\/\/isfdyt28-bue.infd.edu.ar\/sitio\/wp-json\/wp\/v2\/pages\/286"}],"collection":[{"href":"https:\/\/isfdyt28-bue.infd.edu.ar\/sitio\/wp-json\/wp\/v2\/pages"}],"about":[{"href":"https:\/\/isfdyt28-bue.infd.edu.ar\/sitio\/wp-json\/wp\/v2\/types\/page"}],"author":[{"embeddable":true,"href":"https:\/\/isfdyt28-bue.infd.edu.ar\/sitio\/wp-json\/wp\/v2\/users\/1"}],"replies":[{"embeddable":true,"href":"https:\/\/isfdyt28-bue.infd.edu.ar\/sitio\/wp-json\/wp\/v2\/comments?post=286"}],"version-history":[{"count":89,"href":"https:\/\/isfdyt28-bue.infd.edu.ar\/sitio\/wp-json\/wp\/v2\/pages\/286\/revisions"}],"predecessor-version":[{"id":2122,"href":"https:\/\/isfdyt28-bue.infd.edu.ar\/sitio\/wp-json\/wp\/v2\/pages\/286\/revisions\/2122"}],"wp:featuredmedia":[{"embeddable":true,"href":"https:\/\/isfdyt28-bue.infd.edu.ar\/sitio\/wp-json\/wp\/v2\/media\/1586"}],"wp:attachment":[{"href":"https:\/\/isfdyt28-bue.infd.edu.ar\/sitio\/wp-json\/wp\/v2\/media?parent=286"}],"curies":[{"name":"wp","href":"https:\/\/api.w.org\/{rel}","templated":true}]}}